{"id":84,"date":"2024-12-18T16:47:18","date_gmt":"2024-12-18T15:47:18","guid":{"rendered":"https:\/\/amis-orgue.micandel.net\/?page_id=84"},"modified":"2026-03-19T23:06:30","modified_gmt":"2026-03-19T22:06:30","slug":"nos-concerts","status":"publish","type":"page","link":"https:\/\/amis-orgue-musique-grenoble.fr\/?page_id=84","title":{"rendered":"Archives 24 25"},"content":{"rendered":"\r\n<h1 class=\"wp-block-heading\">Nos concerts<\/h1>\r\n\r\n\r\n\r\n<p class=\"has-text-align-left has-ast-global-color-0-color has-text-color has-link-color has-large-font-size wp-elements-fd3ac4d491e0da48daf57fa51c3ab025\">La programmation de la saison 2023 \u2013 2024 est disponible <strong><a href=\"https:\/\/amis-orgue.micandel.net\/?page_id=44\" data-type=\"page\" data-id=\"44\">ici<\/a><\/strong>.<\/p>\r\n\r\n\r\n\r\n<h2 class=\"wp-block-heading\">Programmation saison 2024 \u2013 2025<\/h2>\r\n\r\n\r\n\r\n<h2 id=\"d22sept\" class=\"wp-block-heading has-text-align-center has-luminous-vivid-orange-color has-text-color has-link-color wp-elements-99ea5288d4b1b0bf57e1bcaec43f2abf\"><em><strong>Dimanche 22 septembre 2024 \u00e0 17h30<\/strong><\/em><\/h2>\r\n\r\n\r\n\r\n<p class=\"has-text-align-center\">Journ\u00e9e du patrimoine<br \/>R\u00e9cital d\u2019orgue avec Jacques Helmstetter<br \/>V. L\u00fcbeck, G. Walter, J.S. Bach, E.F. Richter, C. Franck, \u2026<\/p>\r\n\r\n\r\n\r\n<figure class=\"wp-block-image aligncenter size-large\"><img loading=\"lazy\" decoding=\"async\" width=\"724\" height=\"1024\" class=\"wp-image-74\" src=\"http:\/\/amis-orgue.micandel.net\/wp-content\/uploads\/2024\/12\/Affiche-Journee-du-patrimoine2024v3_00-724x1024.png\" alt=\"\" srcset=\"https:\/\/amis-orgue.micandel.net\/wp-content\/uploads\/2024\/12\/Affiche-Journee-du-patrimoine2024v3_00-724x1024.png 724w, https:\/\/amis-orgue.micandel.net\/wp-content\/uploads\/2024\/12\/Affiche-Journee-du-patrimoine2024v3_00-212x300.png 212w, https:\/\/amis-orgue.micandel.net\/wp-content\/uploads\/2024\/12\/Affiche-Journee-du-patrimoine2024v3_00-768x1086.png 768w, https:\/\/amis-orgue.micandel.net\/wp-content\/uploads\/2024\/12\/Affiche-Journee-du-patrimoine2024v3_00-1086x1536.png 1086w, https:\/\/amis-orgue.micandel.net\/wp-content\/uploads\/2024\/12\/Affiche-Journee-du-patrimoine2024v3_00-1448x2048.png 1448w, https:\/\/amis-orgue.micandel.net\/wp-content\/uploads\/2024\/12\/Affiche-Journee-du-patrimoine2024v3_00.png 1587w\" sizes=\"auto, (max-width: 724px) 100vw, 724px\" \/>\r\n<figcaption class=\"wp-element-caption\">L&rsquo;affiche<\/figcaption>\r\n<\/figure>\r\n\r\n\r\n\r\n<h2 id=\"d13oct\" class=\"wp-block-heading has-text-align-center has-luminous-vivid-orange-color has-text-color has-link-color wp-elements-0c9057a85206fcc3f0f8a34c537c85f6\"><em>Dimanche 13 octobre 2024 \u00e0 17h30<\/em><\/h2>\r\n\r\n\r\n\r\n<p class=\"has-text-align-center\">Musique baroque italienne<br \/>Doroth\u00e9e Bacher, fl\u00fbtes \u00e0 bec,<br \/>Sushaant Jaccard, cornet \u00e0 bouquin, fl\u00fbte,<br \/>Edm\u00e9e du Boucher, viole de gambe,<br \/>Julien Morel, clavecin &amp; orgue,<\/p>\r\n\r\n\r\n\r\n<figure class=\"wp-block-image aligncenter size-large is-resized\"><a href=\"https:\/\/amis-orgue.micandel.net\/wp-content\/uploads\/2024\/12\/Affiche-Artifici-Musical-scaled-1.jpg\"><img loading=\"lazy\" decoding=\"async\" width=\"724\" height=\"1024\" class=\"wp-image-73\" style=\"width: 920px; height: auto;\" src=\"http:\/\/amis-orgue.micandel.net\/wp-content\/uploads\/2024\/12\/Affiche-Artifici-Musical-scaled-1-724x1024.jpg\" alt=\"\" srcset=\"https:\/\/amis-orgue.micandel.net\/wp-content\/uploads\/2024\/12\/Affiche-Artifici-Musical-scaled-1-724x1024.jpg 724w, https:\/\/amis-orgue.micandel.net\/wp-content\/uploads\/2024\/12\/Affiche-Artifici-Musical-scaled-1-212x300.jpg 212w, https:\/\/amis-orgue.micandel.net\/wp-content\/uploads\/2024\/12\/Affiche-Artifici-Musical-scaled-1-768x1086.jpg 768w, https:\/\/amis-orgue.micandel.net\/wp-content\/uploads\/2024\/12\/Affiche-Artifici-Musical-scaled-1-1086x1536.jpg 1086w, https:\/\/amis-orgue.micandel.net\/wp-content\/uploads\/2024\/12\/Affiche-Artifici-Musical-scaled-1-1448x2048.jpg 1448w, https:\/\/amis-orgue.micandel.net\/wp-content\/uploads\/2024\/12\/Affiche-Artifici-Musical-scaled-1.jpg 1810w\" sizes=\"auto, (max-width: 724px) 100vw, 724px\" \/><\/a><\/figure>\r\n\r\n\r\n\r\n<div class=\"wp-block-columns is-layout-flex wp-container-core-columns-is-layout-28f84493 wp-block-columns-is-layout-flex\">\r\n<div class=\"wp-block-column is-layout-flow wp-block-column-is-layout-flow\">\r\n<figure class=\"wp-block-image size-large\"><img loading=\"lazy\" decoding=\"async\" width=\"1024\" height=\"580\" class=\"wp-image-76\" src=\"http:\/\/amis-orgue.micandel.net\/wp-content\/uploads\/2024\/12\/Le-quatuor-1-scaled-1-1024x580.jpg\" alt=\"\" srcset=\"https:\/\/amis-orgue.micandel.net\/wp-content\/uploads\/2024\/12\/Le-quatuor-1-scaled-1-1024x580.jpg 1024w, https:\/\/amis-orgue.micandel.net\/wp-content\/uploads\/2024\/12\/Le-quatuor-1-scaled-1-300x170.jpg 300w, https:\/\/amis-orgue.micandel.net\/wp-content\/uploads\/2024\/12\/Le-quatuor-1-scaled-1-768x435.jpg 768w, https:\/\/amis-orgue.micandel.net\/wp-content\/uploads\/2024\/12\/Le-quatuor-1-scaled-1-1536x869.jpg 1536w, https:\/\/amis-orgue.micandel.net\/wp-content\/uploads\/2024\/12\/Le-quatuor-1-scaled-1-2048x1159.jpg 2048w\" sizes=\"auto, (max-width: 1024px) 100vw, 1024px\" \/><\/figure>\r\n<\/div>\r\n\r\n\r\n\r\n<div class=\"wp-block-column is-layout-flow wp-block-column-is-layout-flow\">\r\n<figure class=\"wp-block-image size-large\"><img loading=\"lazy\" decoding=\"async\" width=\"1024\" height=\"768\" class=\"wp-image-75\" src=\"http:\/\/amis-orgue.micandel.net\/wp-content\/uploads\/2024\/12\/Le-quatuor-2-scaled-1-1024x768.jpg\" alt=\"\" srcset=\"https:\/\/amis-orgue.micandel.net\/wp-content\/uploads\/2024\/12\/Le-quatuor-2-scaled-1-1024x768.jpg 1024w, https:\/\/amis-orgue.micandel.net\/wp-content\/uploads\/2024\/12\/Le-quatuor-2-scaled-1-300x225.jpg 300w, https:\/\/amis-orgue.micandel.net\/wp-content\/uploads\/2024\/12\/Le-quatuor-2-scaled-1-768x576.jpg 768w, https:\/\/amis-orgue.micandel.net\/wp-content\/uploads\/2024\/12\/Le-quatuor-2-scaled-1-1536x1152.jpg 1536w, https:\/\/amis-orgue.micandel.net\/wp-content\/uploads\/2024\/12\/Le-quatuor-2-scaled-1-2048x1536.jpg 2048w\" sizes=\"auto, (max-width: 1024px) 100vw, 1024px\" \/><\/figure>\r\n<\/div>\r\n<\/div>\r\n\r\n\r\n\r\n<h2 id=\"d17nov\" class=\"wp-block-heading has-text-align-center\"><em><strong>Dimanche 17 novembre 2024 \u00e0 17h30<\/strong><\/em><\/h2>\r\n\r\n\r\n\r\n<p class=\"has-text-align-center\">Dimanche 17 novembre 2024 \u00e0 17h30<br \/>Musique &amp; chroniques<br \/>Christine Plubeau, viole de gambe<br \/>Manuel Weber, com\u00e9dien :<br \/>Ste Colombe, Sieur de Machy, T. de Tillet<br \/>Fables de La Fontaine r\u00e9cit\u00e9es en vieux fran\u00e7ois<\/p>\r\n\r\n\r\n\r\n<figure class=\"wp-block-image aligncenter size-large\"><img loading=\"lazy\" decoding=\"async\" width=\"724\" height=\"1024\" class=\"wp-image-72\" src=\"http:\/\/amis-orgue.micandel.net\/wp-content\/uploads\/2024\/12\/Affiche_17nov24_Musiques-chroniques-scaled-1-724x1024.jpg\" alt=\"\" srcset=\"https:\/\/amis-orgue.micandel.net\/wp-content\/uploads\/2024\/12\/Affiche_17nov24_Musiques-chroniques-scaled-1-724x1024.jpg 724w, https:\/\/amis-orgue.micandel.net\/wp-content\/uploads\/2024\/12\/Affiche_17nov24_Musiques-chroniques-scaled-1-212x300.jpg 212w, https:\/\/amis-orgue.micandel.net\/wp-content\/uploads\/2024\/12\/Affiche_17nov24_Musiques-chroniques-scaled-1-768x1086.jpg 768w, https:\/\/amis-orgue.micandel.net\/wp-content\/uploads\/2024\/12\/Affiche_17nov24_Musiques-chroniques-scaled-1-1087x1536.jpg 1087w, https:\/\/amis-orgue.micandel.net\/wp-content\/uploads\/2024\/12\/Affiche_17nov24_Musiques-chroniques-scaled-1-1449x2048.jpg 1449w, https:\/\/amis-orgue.micandel.net\/wp-content\/uploads\/2024\/12\/Affiche_17nov24_Musiques-chroniques-scaled-1.jpg 1811w\" sizes=\"auto, (max-width: 724px) 100vw, 724px\" \/><\/figure>\r\n\r\n\r\n\r\n<h2 id=\"d8dec\" class=\"wp-block-heading has-text-align-center has-luminous-vivid-orange-color has-text-color has-link-color wp-elements-f554ac9b460ee2e1e67c3cfdf63a1c59\"><em><strong>Dimanche 8 d\u00e9cembre 2024 \u00e0 17h30<\/strong><\/em><\/h2>\r\n\r\n\r\n\r\n<p class=\"has-text-align-center\">Ensemble vocal de Grenoble<br \/>Direction: Mustapha Bouali<br \/>Marc-Antoine Charpentier<br \/>Pastorale sur la Naissance de Notre Seigneur J\u00e9sus-Christ<\/p>\r\n\r\n\r\n\r\n\r\n\r\n<h2 id=\"d21mar\" class=\"wp-block-heading\"><em>Vendredi 21 mars 2025 \u00e0 20h30 et<\/em><br \/><em>Dimanche 23 mars 2025 \u00e0 17h30<\/em><\/h2>\r\n\r\n\r\n\r\n<p>La Cantate au Temple<br \/>Classe de musique ancienne et de chant du Conservatoire de Grenoble<br \/>Soli, ch\u0153ur et orchestre<br \/>Direction : Augustin d\u2019Arco<\/p>\r\n\r\n\r\n\r\n<h2 id=\"d13avr\" class=\"wp-block-heading\"><em><strong>Dimanche 13 avril 2025 \u00e0 17h30<\/strong><\/em><\/h2>\r\n\r\n\r\n\r\n<p>Romantisme Allemand<br \/>Laure Chol\u00e9, piano &amp; Ad\u00e8le Theveneau, alto<br \/>J. S. Bach, L.Beethoven, J.Brahms, C.Debussy<\/p>\r\n\r\n\r\n\r\n<h2 id=\"d11mai\" class=\"wp-block-heading\"><em><strong>Dimanche 11 mai 2025 \u00e0 17h30<\/strong><\/em><\/h2>\r\n\r\n\r\n\r\n<p>Le Jour de l\u2019Orgue<br \/>Jacques Helmstetter : organiste \u00e0 l\u2019EPUDG<\/p>\r\n\r\n\r\n\r\n<figure class=\"wp-block-image aligncenter size-large\"><img loading=\"lazy\" decoding=\"async\" width=\"724\" height=\"1024\" class=\"wp-image-161\" src=\"http:\/\/amis-orgue.micandel.net\/wp-content\/uploads\/2025\/04\/Affiche-Jour-de-lorgue-2025V1-724x1024.jpg\" alt=\"Affiche\" srcset=\"https:\/\/amis-orgue.micandel.net\/wp-content\/uploads\/2025\/04\/Affiche-Jour-de-lorgue-2025V1-724x1024.jpg 724w, https:\/\/amis-orgue.micandel.net\/wp-content\/uploads\/2025\/04\/Affiche-Jour-de-lorgue-2025V1-212x300.jpg 212w, https:\/\/amis-orgue.micandel.net\/wp-content\/uploads\/2025\/04\/Affiche-Jour-de-lorgue-2025V1-768x1086.jpg 768w, https:\/\/amis-orgue.micandel.net\/wp-content\/uploads\/2025\/04\/Affiche-Jour-de-lorgue-2025V1.jpg 793w\" sizes=\"auto, (max-width: 724px) 100vw, 724px\" \/><\/figure>\r\n\r\n\r\n\r\n<h2 id=\"d25mai\" class=\"wp-block-heading\"><em><strong>Dimanche 25 mai 2025 \u00e0 17h30<\/strong><\/em><\/h2>\r\n\r\n\r\n\r\n<p>Dimanche 25 mai 2025 \u00e0 17h30<br \/>Duo des Bois<br \/>Pier-Francesca D\u2019Agata, guitare<br \/>H\u00e9l\u00e8ne Girbal, fl\u00fbte traversi\u00e8re<br \/>J. Ibert (Entre\u2019Acte), A. Piazzola, \u2026<\/p>\r\n\r\n\r\n\r\n<h1 id=\"d15juin\" class=\"wp-block-heading\"><strong><em>Dimanche 15 juin 2025 \u00e0 17h30<\/em><\/strong><\/h1>\r\n\r\n\r\n\r\n<p>Un piano pour deux<br \/>Galina Lagresle, Florent Darcourt-L\u00e9zat<br \/>Valses de J.Brahms et de P.I.Tcha\u00efkovski<\/p>\r\n","protected":false},"excerpt":{"rendered":"<p>Nos concerts La programmation de la saison 2023 \u2013 2024 est disponible ici. Programmation saison 2024 \u2013 2025 Dimanche 22 [&hellip;]<\/p>\n","protected":false},"author":1,"featured_media":0,"parent":0,"menu_order":0,"comment_status":"closed","ping_status":"closed","template":"","meta":{"site-sidebar-layout":"default","site-content-layout":"","ast-site-content-layout":"normal-width-container","site-content-style":"default","site-sidebar-style":"default","ast-global-header-display":"","ast-banner-title-visibility":"","ast-main-header-display":"","ast-hfb-above-header-display":"","ast-hfb-below-header-display":"","ast-hfb-mobile-header-display":"","site-post-title":"","ast-breadcrumbs-content":"","ast-featured-img":"","footer-sml-layout":"","ast-disable-related-posts":"","theme-transparent-header-meta":"default","adv-header-id-meta":"","stick-header-meta":"","header-above-stick-meta":"","header-main-stick-meta":"","header-below-stick-meta":"","astra-migrate-meta-layouts":"set","ast-page-background-enabled":"default","ast-page-background-meta":{"desktop":{"background-color":"var(--ast-global-color-4)","background-image":"","background-repeat":"repeat","background-position":"center center","background-size":"auto","background-attachment":"scroll","background-type":"","background-media":"","overlay-type":"","overlay-color":"","overlay-opacity":"","overlay-gradient":""},"tablet":{"background-color":"","background-image":"","background-repeat":"repeat","background-position":"center center","background-size":"auto","background-attachment":"scroll","background-type":"","background-media":"","overlay-type":"","overlay-color":"","overlay-opacity":"","overlay-gradient":""},"mobile":{"background-color":"","background-image":"","background-repeat":"repeat","background-position":"center center","background-size":"auto","background-attachment":"scroll","background-type":"","background-media":"","overlay-type":"","overlay-color":"","overlay-opacity":"","overlay-gradient":""}},"ast-content-background-meta":{"desktop":{"background-color":"var(--ast-global-color-5)","background-image":"","background-repeat":"repeat","background-position":"center center","background-size":"auto","background-attachment":"scroll","background-type":"","background-media":"","overlay-type":"","overlay-color":"","overlay-opacity":"","overlay-gradient":""},"tablet":{"background-color":"var(--ast-global-color-5)","background-image":"","background-repeat":"repeat","background-position":"center center","background-size":"auto","background-attachment":"scroll","background-type":"","background-media":"","overlay-type":"","overlay-color":"","overlay-opacity":"","overlay-gradient":""},"mobile":{"background-color":"var(--ast-global-color-5)","background-image":"","background-repeat":"repeat","background-position":"center center","background-size":"auto","background-attachment":"scroll","background-type":"","background-media":"","overlay-type":"","overlay-color":"","overlay-opacity":"","overlay-gradient":""}},"footnotes":""},"folder":[],"class_list":["post-84","page","type-page","status-publish","hentry"],"_links":{"self":[{"href":"https:\/\/amis-orgue-musique-grenoble.fr\/index.php?rest_route=\/wp\/v2\/pages\/84","targetHints":{"allow":["GET"]}}],"collection":[{"href":"https:\/\/amis-orgue-musique-grenoble.fr\/index.php?rest_route=\/wp\/v2\/pages"}],"about":[{"href":"https:\/\/amis-orgue-musique-grenoble.fr\/index.php?rest_route=\/wp\/v2\/types\/page"}],"author":[{"embeddable":true,"href":"https:\/\/amis-orgue-musique-grenoble.fr\/index.php?rest_route=\/wp\/v2\/users\/1"}],"replies":[{"embeddable":true,"href":"https:\/\/amis-orgue-musique-grenoble.fr\/index.php?rest_route=%2Fwp%2Fv2%2Fcomments&post=84"}],"version-history":[{"count":11,"href":"https:\/\/amis-orgue-musique-grenoble.fr\/index.php?rest_route=\/wp\/v2\/pages\/84\/revisions"}],"predecessor-version":[{"id":212,"href":"https:\/\/amis-orgue-musique-grenoble.fr\/index.php?rest_route=\/wp\/v2\/pages\/84\/revisions\/212"}],"wp:attachment":[{"href":"https:\/\/amis-orgue-musique-grenoble.fr\/index.php?rest_route=%2Fwp%2Fv2%2Fmedia&parent=84"}],"wp:term":[{"taxonomy":"folder","embeddable":true,"href":"https:\/\/amis-orgue-musique-grenoble.fr\/index.php?rest_route=%2Fwp%2Fv2%2Ffolder&post=84"}],"curies":[{"name":"wp","href":"https:\/\/api.w.org\/{rel}","templated":true}]}}