{"id":44,"date":"2024-12-18T15:45:33","date_gmt":"2024-12-18T14:45:33","guid":{"rendered":"https:\/\/amis-orgue.micandel.net\/?page_id=44"},"modified":"2026-03-20T12:06:32","modified_gmt":"2026-03-20T11:06:32","slug":"archives","status":"publish","type":"page","link":"https:\/\/amis-orgue-musique-grenoble.fr\/?page_id=44","title":{"rendered":"Archives 23 24"},"content":{"rendered":"\r\n<h1 class=\"wp-block-heading\">Archives<\/h1>\r\n\r\n\r\n\r\n<h2 class=\"wp-block-heading\">Saison 2023-2024<\/h2>\r\n\r\n\r\n\r\n<p><strong>9 concerts, r\u00e9partis entre 3 concerts avec orgue seul ou avec ch\u0153ur, 3 ensembles de musique de chambre, 3 ensembles vocaux assurent une diversit\u00e9 appr\u00e9ci\u00e9e par notre public<\/strong><\/p>\r\n\r\n\r\n\r\n<figure class=\"wp-block-table\">\r\n<table class=\"has-fixed-layout\">\r\n<tbody>\r\n<tr>\r\n<td><a href=\"https:\/\/amis-orgue.micandel.net\/?page_id=44\/#d17sept\" data-type=\"page\" data-id=\"44\">Dimanche 17 septembre 2023<\/a><br \/>Journ\u00e9e du patrimoine<br \/>R\u00e9cital d\u2019orgue par J. Helmstetter<\/td>\r\n<td><a href=\"https:\/\/amis-orgue.micandel.net\/?page_id=44\/#d8oct\" data-type=\"page\" data-id=\"44\">Dimanche 8 octobre 2023<\/a><br \/>Musique celtique et d\u2019ailleurs<\/td>\r\n<td><a href=\"https:\/\/amis-orgue.micandel.net\/?page_id=44\/#d19nov\" data-type=\"page\" data-id=\"44\">Dimanche 19 novembre 2023<\/a><br \/>R\u00e9cital fl\u00fbte et orgue<\/td>\r\n<\/tr>\r\n<tr>\r\n<td><a href=\"https:\/\/amis-orgue.micandel.net\/?page_id=44\/#d3dec\" data-type=\"page\" data-id=\"44\">Dimanche 3 d\u00e9cembre 2023<\/a><br \/>Les madrigaux de Monteverdi<\/td>\r\n<td><a href=\"https:\/\/amis-orgue.micandel.net\/?page_id=44\/#d28jan\" data-type=\"page\" data-id=\"44\">Dimanche 28 janvier 2024<\/a><br \/>Carpe Noctem<br \/>Cantates et sonates baroques<\/td>\r\n<td><a href=\"https:\/\/amis-orgue.micandel.net\/?page_id=44\/#v22mar\" data-type=\"page\" data-id=\"44\">Vendredi 22 mars 2024<\/a> et<br \/>Dimanche 24 mars 2024<br \/>La Cantate au Temple<\/td>\r\n<\/tr>\r\n<tr>\r\n<td><a href=\"https:\/\/amis-orgue.micandel.net\/?page_id=44\/#d7avr\" data-type=\"page\" data-id=\"44\">Dimanche 7 avril 2024<\/a><br \/>Une histoire de ma vie :<br \/>George Sand et Fr\u00e9d\u00e9ric Chopin<\/td>\r\n<td><a href=\"https:\/\/amis-orgue.micandel.net\/?page_id=44\/#d12mai\" data-type=\"page\" data-id=\"44\">Dimanche 12 mai 2024<\/a><br \/>Le jour de l\u2019Orgue<br \/>Une histoire d\u2019amour\u2026 et d\u2019orgues<\/td>\r\n<td><a href=\"https:\/\/amis-orgue.micandel.net\/?page_id=44\/#d2jun\" data-type=\"page\" data-id=\"44\">Dimanche 2 juin 2024<\/a><br \/>4 artistes pour 3 trios<\/td>\r\n<\/tr>\r\n<\/tbody>\r\n<\/table>\r\n<\/figure>\r\n\r\n\r\n\r\n<h1 class=\"wp-block-heading\">Nos concerts<\/h1>\r\n\r\n\r\n\r\n<h2 id=\"block-2261da58-1ce6-482e-a0dc-547b2b2cc60c\" class=\"wp-block-heading\">Programmation saison 2023 \u2013 2024<\/h2>\r\n\r\n\r\n\r\n<h2 id=\"d17sept\" class=\"wp-block-heading\"><em><strong>Dimanche 17 septembre 2023 \u00e0 17h30<\/strong><\/em><\/h2>\r\n\r\n\r\n\r\n<figure class=\"wp-block-image\"><img loading=\"lazy\" decoding=\"async\" class=\"wp-image-50 aligncenter\" src=\"https:\/\/amis-orgue.micandel.net\/wp-content\/uploads\/2024\/12\/2309_Affiche_J.Patrimoine-212x300.jpg\" alt=\"\" width=\"725\" height=\"1026\" srcset=\"https:\/\/amis-orgue.micandel.net\/wp-content\/uploads\/2024\/12\/2309_Affiche_J.Patrimoine-212x300.jpg 212w, https:\/\/amis-orgue.micandel.net\/wp-content\/uploads\/2024\/12\/2309_Affiche_J.Patrimoine-724x1024.jpg 724w, https:\/\/amis-orgue.micandel.net\/wp-content\/uploads\/2024\/12\/2309_Affiche_J.Patrimoine-768x1086.jpg 768w, https:\/\/amis-orgue.micandel.net\/wp-content\/uploads\/2024\/12\/2309_Affiche_J.Patrimoine-1086x1536.jpg 1086w, https:\/\/amis-orgue.micandel.net\/wp-content\/uploads\/2024\/12\/2309_Affiche_J.Patrimoine-1448x2048.jpg 1448w, https:\/\/amis-orgue.micandel.net\/wp-content\/uploads\/2024\/12\/2309_Affiche_J.Patrimoine.jpg 1587w\" sizes=\"auto, (max-width: 725px) 100vw, 725px\" \/><\/figure>\r\n\r\n\r\n\r\n<figure id=\"block-9cefb4e1-4c10-4e7c-9ed8-e657e22dade1\" class=\"wp-block-image\"><img loading=\"lazy\" decoding=\"async\" class=\"wp-image-52 aligncenter\" src=\"https:\/\/amis-orgue.micandel.net\/wp-content\/uploads\/2024\/12\/230917_2-scaled-1-210x300.jpg\" alt=\"\" width=\"759\" height=\"1084\" srcset=\"https:\/\/amis-orgue.micandel.net\/wp-content\/uploads\/2024\/12\/230917_2-scaled-1-210x300.jpg 210w, https:\/\/amis-orgue.micandel.net\/wp-content\/uploads\/2024\/12\/230917_2-scaled-1-717x1024.jpg 717w, https:\/\/amis-orgue.micandel.net\/wp-content\/uploads\/2024\/12\/230917_2-scaled-1-768x1097.jpg 768w, https:\/\/amis-orgue.micandel.net\/wp-content\/uploads\/2024\/12\/230917_2-scaled-1-1076x1536.jpg 1076w, https:\/\/amis-orgue.micandel.net\/wp-content\/uploads\/2024\/12\/230917_2-scaled-1-1434x2048.jpg 1434w, https:\/\/amis-orgue.micandel.net\/wp-content\/uploads\/2024\/12\/230917_2-scaled-1.jpg 1793w\" sizes=\"auto, (max-width: 759px) 100vw, 759px\" \/><\/figure>\r\n\r\n\r\n\r\n<figure id=\"block-e45cf014-c698-4147-8098-f1befbf12ce9\" class=\"wp-block-image\"><img loading=\"lazy\" decoding=\"async\" class=\" wp-image-51 aligncenter\" src=\"https:\/\/amis-orgue.micandel.net\/wp-content\/uploads\/2024\/12\/230917_1-scaled-1-265x300.jpg\" alt=\"\" width=\"673\" height=\"761\" srcset=\"https:\/\/amis-orgue.micandel.net\/wp-content\/uploads\/2024\/12\/230917_1-scaled-1-265x300.jpg 265w, https:\/\/amis-orgue.micandel.net\/wp-content\/uploads\/2024\/12\/230917_1-scaled-1-904x1024.jpg 904w, https:\/\/amis-orgue.micandel.net\/wp-content\/uploads\/2024\/12\/230917_1-scaled-1-768x870.jpg 768w, https:\/\/amis-orgue.micandel.net\/wp-content\/uploads\/2024\/12\/230917_1-scaled-1-1357x1536.jpg 1357w, https:\/\/amis-orgue.micandel.net\/wp-content\/uploads\/2024\/12\/230917_1-scaled-1-1809x2048.jpg 1809w\" sizes=\"auto, (max-width: 673px) 100vw, 673px\" \/><\/figure>\r\n\r\n\r\n\r\n<h2 id=\"d8oct\" class=\"wp-block-heading\">Dimanche 8 octobre 2023 \u00e0 17h30<\/h2>\r\n\r\n\r\n\r\n<p id=\"block-3901dbfb-bc18-4b9f-99bb-d63dac87123e\">Dimanche 8 octobre 2023 \u00e0 17h30<br \/>Musique celtique et d\u2019ailleurs<br \/>Ensemble Alouane<br \/>par Ph. Delzant, Ch. Regard,<br \/>H. Salazar, Ch. Goza<\/p>\r\n\r\n\r\n\r\n<figure class=\"wp-block-image\"><img loading=\"lazy\" decoding=\"async\" class=\" wp-image-54 aligncenter\" src=\"https:\/\/amis-orgue.micandel.net\/wp-content\/uploads\/2024\/12\/231008_affiche-212x300.jpg\" alt=\"\" width=\"701\" height=\"991\" srcset=\"https:\/\/amis-orgue.micandel.net\/wp-content\/uploads\/2024\/12\/231008_affiche-212x300.jpg 212w, https:\/\/amis-orgue.micandel.net\/wp-content\/uploads\/2024\/12\/231008_affiche-724x1024.jpg 724w, https:\/\/amis-orgue.micandel.net\/wp-content\/uploads\/2024\/12\/231008_affiche-768x1086.jpg 768w, https:\/\/amis-orgue.micandel.net\/wp-content\/uploads\/2024\/12\/231008_affiche-1086x1536.jpg 1086w, https:\/\/amis-orgue.micandel.net\/wp-content\/uploads\/2024\/12\/231008_affiche-1448x2048.jpg 1448w, https:\/\/amis-orgue.micandel.net\/wp-content\/uploads\/2024\/12\/231008_affiche.jpg 1587w\" sizes=\"auto, (max-width: 701px) 100vw, 701px\" \/><\/figure>\r\n\r\n\r\n\r\n<figure id=\"block-69bade1d-42f3-4968-a41f-bd7eb6b7129b\" class=\"wp-block-image\"><img loading=\"lazy\" decoding=\"async\" class=\"wp-image-53 aligncenter\" src=\"https:\/\/amis-orgue.micandel.net\/wp-content\/uploads\/2024\/12\/231008_1-scaled-1-300x151.jpg\" alt=\"\" width=\"797\" height=\"401\" srcset=\"https:\/\/amis-orgue.micandel.net\/wp-content\/uploads\/2024\/12\/231008_1-scaled-1-300x151.jpg 300w, https:\/\/amis-orgue.micandel.net\/wp-content\/uploads\/2024\/12\/231008_1-scaled-1-1024x516.jpg 1024w, https:\/\/amis-orgue.micandel.net\/wp-content\/uploads\/2024\/12\/231008_1-scaled-1-768x387.jpg 768w, https:\/\/amis-orgue.micandel.net\/wp-content\/uploads\/2024\/12\/231008_1-scaled-1-1536x774.jpg 1536w, https:\/\/amis-orgue.micandel.net\/wp-content\/uploads\/2024\/12\/231008_1-scaled-1-2048x1032.jpg 2048w\" sizes=\"auto, (max-width: 797px) 100vw, 797px\" \/><\/figure>\r\n<p>&nbsp;<\/p>\r\n\r\n\r\n\r\n<figure id=\"block-092272e7-03c3-44a4-aced-ad5e9884f60b\" class=\"wp-block-image\"><img loading=\"lazy\" decoding=\"async\" class=\"wp-image-55 aligncenter\" src=\"https:\/\/amis-orgue.micandel.net\/wp-content\/uploads\/2024\/12\/231008-_Ph-Delzant-a-la-cornemuse-scaled-1-300x200.jpg\" alt=\"\" width=\"867\" height=\"578\" srcset=\"https:\/\/amis-orgue.micandel.net\/wp-content\/uploads\/2024\/12\/231008-_Ph-Delzant-a-la-cornemuse-scaled-1-300x200.jpg 300w, https:\/\/amis-orgue.micandel.net\/wp-content\/uploads\/2024\/12\/231008-_Ph-Delzant-a-la-cornemuse-scaled-1-1024x683.jpg 1024w, https:\/\/amis-orgue.micandel.net\/wp-content\/uploads\/2024\/12\/231008-_Ph-Delzant-a-la-cornemuse-scaled-1-768x512.jpg 768w, https:\/\/amis-orgue.micandel.net\/wp-content\/uploads\/2024\/12\/231008-_Ph-Delzant-a-la-cornemuse-scaled-1-1536x1024.jpg 1536w, https:\/\/amis-orgue.micandel.net\/wp-content\/uploads\/2024\/12\/231008-_Ph-Delzant-a-la-cornemuse-scaled-1-2048x1366.jpg 2048w\" sizes=\"auto, (max-width: 867px) 100vw, 867px\" \/><\/figure>\r\n\r\n\r\n\r\n<h2 id=\"d19nov\" class=\"wp-block-heading\"><em><strong>Dimanche 19 novembre 2023 \u00e0 17h30<\/strong><\/em><\/h2>\r\n\r\n\r\n\r\n<p id=\"block-3e2d8ad6-faf3-42f7-9fc6-4cf59cdd590f\">R\u00e9cital fl\u00fbte et orgue<br \/>par J.Ph. Grometto &amp; M. Groz<br \/>J.S. Bach, J. Alain et P. Locatelli<\/p>\r\n\r\n\r\n\r\n<figure class=\"wp-block-image\"><img loading=\"lazy\" decoding=\"async\" class=\"alignnone  wp-image-56\" src=\"https:\/\/amis-orgue.micandel.net\/wp-content\/uploads\/2024\/12\/231119_1-212x300.jpg\" alt=\"\" width=\"806\" height=\"1141\" srcset=\"https:\/\/amis-orgue.micandel.net\/wp-content\/uploads\/2024\/12\/231119_1-212x300.jpg 212w, https:\/\/amis-orgue.micandel.net\/wp-content\/uploads\/2024\/12\/231119_1-724x1024.jpg 724w, https:\/\/amis-orgue.micandel.net\/wp-content\/uploads\/2024\/12\/231119_1-768x1086.jpg 768w, https:\/\/amis-orgue.micandel.net\/wp-content\/uploads\/2024\/12\/231119_1-1086x1536.jpg 1086w, https:\/\/amis-orgue.micandel.net\/wp-content\/uploads\/2024\/12\/231119_1-1448x2048.jpg 1448w, https:\/\/amis-orgue.micandel.net\/wp-content\/uploads\/2024\/12\/231119_1.jpg 1587w\" sizes=\"auto, (max-width: 806px) 100vw, 806px\" \/><\/figure>\r\n\r\n\r\n\r\n<figure id=\"block-06960d19-d537-4c2c-b45a-5a2acfbf57b9\" class=\"wp-block-image\"><img loading=\"lazy\" decoding=\"async\" class=\"alignnone  wp-image-58\" src=\"https:\/\/amis-orgue.micandel.net\/wp-content\/uploads\/2024\/12\/231119_M-Groz-JPh-Grometto-scaled-1-300x225.jpg\" alt=\"\" width=\"843\" height=\"632\" srcset=\"https:\/\/amis-orgue.micandel.net\/wp-content\/uploads\/2024\/12\/231119_M-Groz-JPh-Grometto-scaled-1-300x225.jpg 300w, https:\/\/amis-orgue.micandel.net\/wp-content\/uploads\/2024\/12\/231119_M-Groz-JPh-Grometto-scaled-1-1024x768.jpg 1024w, https:\/\/amis-orgue.micandel.net\/wp-content\/uploads\/2024\/12\/231119_M-Groz-JPh-Grometto-scaled-1-768x576.jpg 768w, https:\/\/amis-orgue.micandel.net\/wp-content\/uploads\/2024\/12\/231119_M-Groz-JPh-Grometto-scaled-1-1536x1152.jpg 1536w, https:\/\/amis-orgue.micandel.net\/wp-content\/uploads\/2024\/12\/231119_M-Groz-JPh-Grometto-scaled-1-2048x1536.jpg 2048w\" sizes=\"auto, (max-width: 843px) 100vw, 843px\" \/><\/figure>\r\n\r\n\r\n\r\n<h2 id=\"block-ae1c039b-0203-4a15-88a2-9a536c061f13\" class=\"wp-block-heading\">M. Groz et Jph Grometto<\/h2>\r\n\r\n\r\n\r\n<figure class=\"wp-block-image\"><img loading=\"lazy\" decoding=\"async\" class=\"alignnone  wp-image-57\" src=\"https:\/\/amis-orgue.micandel.net\/wp-content\/uploads\/2024\/12\/231119_JPh-Grometto-scaled-1-300x199.jpg\" alt=\"\" width=\"834\" height=\"553\" srcset=\"https:\/\/amis-orgue.micandel.net\/wp-content\/uploads\/2024\/12\/231119_JPh-Grometto-scaled-1-300x199.jpg 300w, https:\/\/amis-orgue.micandel.net\/wp-content\/uploads\/2024\/12\/231119_JPh-Grometto-scaled-1-1024x679.jpg 1024w, https:\/\/amis-orgue.micandel.net\/wp-content\/uploads\/2024\/12\/231119_JPh-Grometto-scaled-1-768x509.jpg 768w, https:\/\/amis-orgue.micandel.net\/wp-content\/uploads\/2024\/12\/231119_JPh-Grometto-scaled-1-1536x1019.jpg 1536w, https:\/\/amis-orgue.micandel.net\/wp-content\/uploads\/2024\/12\/231119_JPh-Grometto-scaled-1-2048x1358.jpg 2048w\" sizes=\"auto, (max-width: 834px) 100vw, 834px\" \/><\/figure>\r\n\r\n\r\n\r\n<h2 id=\"block-5ed8ecb5-5648-4bdb-8553-9c4c3ab2ccad\" class=\"wp-block-heading\">\u00a0<\/h2>\r\n\r\n\r\n\r\n<h2 id=\"block-53154bec-16a1-4cdc-a316-801f3cf82f2d\" class=\"wp-block-heading\">Jph Grometto<\/h2>\r\n\r\n\r\n\r\n<h2 id=\"d3dec\" class=\"wp-block-heading\"><em><strong>Dimanche 3 d\u00e9cembre 2023 \u00e0 17h30<\/strong><\/em><\/h2>\r\n\r\n\r\n\r\n<p id=\"block-fbfa2ed3-c2a9-40dc-8e27-b883d7bb3b1e\">Les madrigaux de Monteverdi<br \/>Chemin de la Renaissance au Baroque<br \/>Ensemble vocal Atoutchoeur<br \/>Direction : Ch. Jean-Baptiste<\/p>\r\n\r\n\r\n\r\n<figure class=\"wp-block-image\"><img loading=\"lazy\" decoding=\"async\" class=\"alignnone  wp-image-59\" src=\"https:\/\/amis-orgue.micandel.net\/wp-content\/uploads\/2024\/12\/231203_Affiche_ATOUTCHOEUR-212x300.jpg\" alt=\"\" width=\"791\" height=\"1119\" srcset=\"https:\/\/amis-orgue.micandel.net\/wp-content\/uploads\/2024\/12\/231203_Affiche_ATOUTCHOEUR-212x300.jpg 212w, https:\/\/amis-orgue.micandel.net\/wp-content\/uploads\/2024\/12\/231203_Affiche_ATOUTCHOEUR-724x1024.jpg 724w, https:\/\/amis-orgue.micandel.net\/wp-content\/uploads\/2024\/12\/231203_Affiche_ATOUTCHOEUR-768x1086.jpg 768w, https:\/\/amis-orgue.micandel.net\/wp-content\/uploads\/2024\/12\/231203_Affiche_ATOUTCHOEUR-1086x1536.jpg 1086w, https:\/\/amis-orgue.micandel.net\/wp-content\/uploads\/2024\/12\/231203_Affiche_ATOUTCHOEUR-1448x2048.jpg 1448w, https:\/\/amis-orgue.micandel.net\/wp-content\/uploads\/2024\/12\/231203_Affiche_ATOUTCHOEUR.jpg 1587w\" sizes=\"auto, (max-width: 791px) 100vw, 791px\" \/><\/figure>\r\n\r\n\r\n\r\n<figure id=\"block-aadbb76c-9413-4762-8323-9f061bcbc2d7\" class=\"wp-block-image\"><img loading=\"lazy\" decoding=\"async\" class=\"alignnone  wp-image-61\" src=\"https:\/\/amis-orgue.micandel.net\/wp-content\/uploads\/2024\/12\/231203_Monteverdi-scaled-1-300x169.jpg\" alt=\"\" width=\"827\" height=\"466\" srcset=\"https:\/\/amis-orgue.micandel.net\/wp-content\/uploads\/2024\/12\/231203_Monteverdi-scaled-1-300x169.jpg 300w, https:\/\/amis-orgue.micandel.net\/wp-content\/uploads\/2024\/12\/231203_Monteverdi-scaled-1-1024x576.jpg 1024w, https:\/\/amis-orgue.micandel.net\/wp-content\/uploads\/2024\/12\/231203_Monteverdi-scaled-1-768x432.jpg 768w, https:\/\/amis-orgue.micandel.net\/wp-content\/uploads\/2024\/12\/231203_Monteverdi-scaled-1-1536x864.jpg 1536w, https:\/\/amis-orgue.micandel.net\/wp-content\/uploads\/2024\/12\/231203_Monteverdi-scaled-1-2048x1152.jpg 2048w\" sizes=\"auto, (max-width: 827px) 100vw, 827px\" \/><\/figure>\r\n\r\n\r\n\r\n<figure><\/figure>\r\n<figure><\/figure>\r\n<figure id=\"block-552ac32f-3f05-42f0-b030-d7a9932d7b2c\" class=\"wp-block-image\"><img loading=\"lazy\" decoding=\"async\" class=\"alignnone  wp-image-65\" src=\"https:\/\/amis-orgue.micandel.net\/wp-content\/uploads\/2024\/12\/240324_Choeur-et-orchestre-scaled-1-300x225.jpg\" alt=\"\" width=\"836\" height=\"627\" srcset=\"https:\/\/amis-orgue.micandel.net\/wp-content\/uploads\/2024\/12\/240324_Choeur-et-orchestre-scaled-1-300x225.jpg 300w, https:\/\/amis-orgue.micandel.net\/wp-content\/uploads\/2024\/12\/240324_Choeur-et-orchestre-scaled-1-1024x768.jpg 1024w, https:\/\/amis-orgue.micandel.net\/wp-content\/uploads\/2024\/12\/240324_Choeur-et-orchestre-scaled-1-768x576.jpg 768w, https:\/\/amis-orgue.micandel.net\/wp-content\/uploads\/2024\/12\/240324_Choeur-et-orchestre-scaled-1-1536x1152.jpg 1536w, https:\/\/amis-orgue.micandel.net\/wp-content\/uploads\/2024\/12\/240324_Choeur-et-orchestre-scaled-1-2048x1536.jpg 2048w\" sizes=\"auto, (max-width: 836px) 100vw, 836px\" \/><\/figure>\r\n<p>&nbsp;<\/p>\r\n<p>&nbsp;<\/p>\r\n\r\n\r\n\r\n<h2 id=\"d28jan\" class=\"wp-block-heading\"><em><strong>Dimanche 28 janvier 2024 \u00e0 17h30<\/strong><\/em><\/h2>\r\n\r\n\r\n\r\n<p id=\"block-2f0f71a4-52d9-4ef8-9bd2-0da6a8d1a21a\">Carpe Noctem<br \/>Cantates et sonates baroques par<br \/>B. Mortier, soprano,<br \/>E. Koang, violoncelle,<br \/>Y. Rassendren, basson,<br \/>A. Baudoin, clavecin.<\/p>\r\n\r\n\r\n\r\n\r\n\r\n<figure id=\"block-2ecae39b-3606-4596-ac00-91e7e5b5c26a\" class=\"wp-block-image\"><img loading=\"lazy\" decoding=\"async\" class=\"wp-image-63 aligncenter\" src=\"https:\/\/amis-orgue.micandel.net\/wp-content\/uploads\/2024\/12\/240128_B_Mortier-Y_Rassendren-scaled-1-237x300.jpg\" alt=\"\" width=\"649\" height=\"822\" srcset=\"https:\/\/amis-orgue.micandel.net\/wp-content\/uploads\/2024\/12\/240128_B_Mortier-Y_Rassendren-scaled-1-237x300.jpg 237w, https:\/\/amis-orgue.micandel.net\/wp-content\/uploads\/2024\/12\/240128_B_Mortier-Y_Rassendren-scaled-1-809x1024.jpg 809w, https:\/\/amis-orgue.micandel.net\/wp-content\/uploads\/2024\/12\/240128_B_Mortier-Y_Rassendren-scaled-1-768x972.jpg 768w, https:\/\/amis-orgue.micandel.net\/wp-content\/uploads\/2024\/12\/240128_B_Mortier-Y_Rassendren-scaled-1-1213x1536.jpg 1213w, https:\/\/amis-orgue.micandel.net\/wp-content\/uploads\/2024\/12\/240128_B_Mortier-Y_Rassendren-scaled-1-1618x2048.jpg 1618w, https:\/\/amis-orgue.micandel.net\/wp-content\/uploads\/2024\/12\/240128_B_Mortier-Y_Rassendren-scaled-1.jpg 2022w\" sizes=\"auto, (max-width: 649px) 100vw, 649px\" \/><\/figure>\r\n\r\n\r\n\r\n<figure id=\"block-d6c27976-4fc3-4b31-b676-89a888967061\" class=\"wp-block-image\"><img loading=\"lazy\" decoding=\"async\" class=\"wp-image-64 aligncenter\" src=\"https:\/\/amis-orgue.micandel.net\/wp-content\/uploads\/2024\/12\/240128_ensemble-300x201.jpg\" alt=\"\" width=\"684\" height=\"458\" srcset=\"https:\/\/amis-orgue.micandel.net\/wp-content\/uploads\/2024\/12\/240128_ensemble-300x201.jpg 300w, https:\/\/amis-orgue.micandel.net\/wp-content\/uploads\/2024\/12\/240128_ensemble-1024x687.jpg 1024w, https:\/\/amis-orgue.micandel.net\/wp-content\/uploads\/2024\/12\/240128_ensemble-768x515.jpg 768w, https:\/\/amis-orgue.micandel.net\/wp-content\/uploads\/2024\/12\/240128_ensemble-1536x1031.jpg 1536w, https:\/\/amis-orgue.micandel.net\/wp-content\/uploads\/2024\/12\/240128_ensemble-2048x1374.jpg 2048w\" sizes=\"auto, (max-width: 684px) 100vw, 684px\" \/><\/figure>\r\n\r\n\r\n\r\n<h2 id=\"v22mar\" class=\"wp-block-heading\">Vendredi 22 mars 2024 \u00e0 20h30 et<br \/>Dimanche 24 mars 2024 \u00e0 17h30<\/h2>\r\n\r\n\r\n\r\n<p id=\"block-04395ee0-b232-4941-ba0c-53346d3fe322\">La Cantate au Temple<br \/>Classe de musique ancienne du<br \/>Conservatoire de Grenoble<br \/>Soli, choeur et orchestre<br \/>Direction : Augustin d\u2019Arco<\/p>\r\n\r\n\r\n\r\n<figure class=\"wp-block-image\"><img loading=\"lazy\" decoding=\"async\" class=\"wp-image-66 aligncenter\" src=\"https:\/\/amis-orgue.micandel.net\/wp-content\/uploads\/2024\/12\/240328_1-scaled-1-212x300.jpg\" alt=\"\" width=\"608\" height=\"860\" srcset=\"https:\/\/amis-orgue.micandel.net\/wp-content\/uploads\/2024\/12\/240328_1-scaled-1-212x300.jpg 212w, https:\/\/amis-orgue.micandel.net\/wp-content\/uploads\/2024\/12\/240328_1-scaled-1-724x1024.jpg 724w, https:\/\/amis-orgue.micandel.net\/wp-content\/uploads\/2024\/12\/240328_1-scaled-1-768x1086.jpg 768w, https:\/\/amis-orgue.micandel.net\/wp-content\/uploads\/2024\/12\/240328_1-scaled-1-1086x1536.jpg 1086w, https:\/\/amis-orgue.micandel.net\/wp-content\/uploads\/2024\/12\/240328_1-scaled-1-1448x2048.jpg 1448w, https:\/\/amis-orgue.micandel.net\/wp-content\/uploads\/2024\/12\/240328_1-scaled-1.jpg 1810w\" sizes=\"auto, (max-width: 608px) 100vw, 608px\" \/><\/figure>\r\n\r\n\r\n\r\n<figure id=\"block-e45c968c-4941-429e-8725-4a9aa3a81e17\" class=\"wp-block-image\"><img loading=\"lazy\" decoding=\"async\" class=\"wp-image-65 aligncenter\" src=\"https:\/\/amis-orgue.micandel.net\/wp-content\/uploads\/2024\/12\/240324_Choeur-et-orchestre-scaled-1-300x225.jpg\" alt=\"\" width=\"764\" height=\"573\" srcset=\"https:\/\/amis-orgue.micandel.net\/wp-content\/uploads\/2024\/12\/240324_Choeur-et-orchestre-scaled-1-300x225.jpg 300w, https:\/\/amis-orgue.micandel.net\/wp-content\/uploads\/2024\/12\/240324_Choeur-et-orchestre-scaled-1-1024x768.jpg 1024w, https:\/\/amis-orgue.micandel.net\/wp-content\/uploads\/2024\/12\/240324_Choeur-et-orchestre-scaled-1-768x576.jpg 768w, https:\/\/amis-orgue.micandel.net\/wp-content\/uploads\/2024\/12\/240324_Choeur-et-orchestre-scaled-1-1536x1152.jpg 1536w, https:\/\/amis-orgue.micandel.net\/wp-content\/uploads\/2024\/12\/240324_Choeur-et-orchestre-scaled-1-2048x1536.jpg 2048w\" sizes=\"auto, (max-width: 764px) 100vw, 764px\" \/><\/figure>\r\n<p>&nbsp;<\/p>\r\n\r\n\r\n\r\n<figure id=\"block-922180fe-b50a-4988-bc4b-6be2e327a3f5\" class=\"wp-block-image\"><img loading=\"lazy\" decoding=\"async\" class=\"wp-image-65 aligncenter\" src=\"https:\/\/amis-orgue.micandel.net\/wp-content\/uploads\/2024\/12\/240324_Choeur-et-orchestre-scaled-1-300x225.jpg\" alt=\"\" width=\"787\" height=\"590\" srcset=\"https:\/\/amis-orgue.micandel.net\/wp-content\/uploads\/2024\/12\/240324_Choeur-et-orchestre-scaled-1-300x225.jpg 300w, https:\/\/amis-orgue.micandel.net\/wp-content\/uploads\/2024\/12\/240324_Choeur-et-orchestre-scaled-1-1024x768.jpg 1024w, https:\/\/amis-orgue.micandel.net\/wp-content\/uploads\/2024\/12\/240324_Choeur-et-orchestre-scaled-1-768x576.jpg 768w, https:\/\/amis-orgue.micandel.net\/wp-content\/uploads\/2024\/12\/240324_Choeur-et-orchestre-scaled-1-1536x1152.jpg 1536w, https:\/\/amis-orgue.micandel.net\/wp-content\/uploads\/2024\/12\/240324_Choeur-et-orchestre-scaled-1-2048x1536.jpg 2048w\" sizes=\"auto, (max-width: 787px) 100vw, 787px\" \/><\/figure>\r\n<p>&nbsp;<\/p>\r\n\r\n\r\n\r\n<h2 id=\"d7avr\" class=\"wp-block-heading\"><em><strong>Dimanche 7 avril 2024 \u00e0 17h30<\/strong><\/em><\/h2>\r\n\r\n\r\n\r\n<p id=\"block-8e699dec-daa7-444a-8cec-d47610b612d3\">Une histoire de ma vie :<br \/>George Sand et Fr\u00e9d\u00e9ric Chopin<br \/>par Ch. Fonlupt, piano<br \/>et C. Dupas-Huttin, r\u00e9citant<\/p>\r\n\r\n\r\n\r\n<figure class=\"wp-block-image\"><img loading=\"lazy\" decoding=\"async\" class=\"wp-image-68 aligncenter\" src=\"https:\/\/amis-orgue.micandel.net\/wp-content\/uploads\/2024\/12\/240407_Affiche_Histoire-de-ma-vie-G-sand-F-Chopin-7avr24-scaled-1-214x300.jpg\" alt=\"\" width=\"760\" height=\"1065\" \/><\/figure>\r\n\r\n\r\n\r\n<h2 id=\"d12mai\" class=\"wp-block-heading\"><em><strong>Dimanche 12 mai 2024 \u00e0 17h30<\/strong><\/em><\/h2>\r\n\r\n\r\n\r\n<p id=\"block-2e310fe0-3822-48de-b0e0-a90e33034616\">Le jour de l\u2019Orgue<br \/>Une histoire d\u2019amour\u2026 et d\u2019orgues<br \/>R\u00e9cital d\u2019orgue par E. Eyer<br \/>J. Zwart, J. Langlais, J.S. Bach, J. Alain<\/p>\r\n\r\n\r\n\r\n<figure class=\"wp-block-image\"><img loading=\"lazy\" decoding=\"async\" class=\"wp-image-69 aligncenter\" src=\"https:\/\/amis-orgue.micandel.net\/wp-content\/uploads\/2024\/12\/240712_Affiche-E-Eyer-214x300.jpg\" alt=\"\" width=\"757\" height=\"1061\" srcset=\"https:\/\/amis-orgue.micandel.net\/wp-content\/uploads\/2024\/12\/240712_Affiche-E-Eyer-214x300.jpg 214w, https:\/\/amis-orgue.micandel.net\/wp-content\/uploads\/2024\/12\/240712_Affiche-E-Eyer-730x1024.jpg 730w, https:\/\/amis-orgue.micandel.net\/wp-content\/uploads\/2024\/12\/240712_Affiche-E-Eyer.jpg 816w\" sizes=\"auto, (max-width: 757px) 100vw, 757px\" \/><\/figure>\r\n<p>&nbsp;<\/p>\r\n<p>&nbsp;<\/p>\r\n\r\n\r\n\r\n<figure class=\"wp-block-image\"><img loading=\"lazy\" decoding=\"async\" class=\"wp-image-71 aligncenter\" src=\"https:\/\/amis-orgue.micandel.net\/wp-content\/uploads\/2024\/12\/Critique-orgue-au-Temple-17-mai-2024-221x300.jpg\" alt=\"\" width=\"822\" height=\"1116\" srcset=\"https:\/\/amis-orgue.micandel.net\/wp-content\/uploads\/2024\/12\/Critique-orgue-au-Temple-17-mai-2024-221x300.jpg 221w, https:\/\/amis-orgue.micandel.net\/wp-content\/uploads\/2024\/12\/Critique-orgue-au-Temple-17-mai-2024-754x1024.jpg 754w, https:\/\/amis-orgue.micandel.net\/wp-content\/uploads\/2024\/12\/Critique-orgue-au-Temple-17-mai-2024-768x1044.jpg 768w, https:\/\/amis-orgue.micandel.net\/wp-content\/uploads\/2024\/12\/Critique-orgue-au-Temple-17-mai-2024.jpg 975w\" sizes=\"auto, (max-width: 822px) 100vw, 822px\" \/><\/figure>\r\n\r\n\r\n\r\n<p>&nbsp;<\/p>\r\n\r\n\r\n\r\n<p>Le concert vu par un journaliste !<br \/>Version pdf \u00e0 t\u00e9l\u00e9charger : <a href=\"https:\/\/perso.micandel.net\/wp-content\/uploads\/2024\/06\/Critique-orgue-au-Temple-17-mai-2024-1.pdf\">Critique-orgue-au-Temple-17-mai-2024-1<\/a><\/p>\r\n\r\n\r\n\r\n<h2 id=\"d2jun\" class=\"wp-block-heading\"><em><strong>Dimanche 2 juin \u00e0 17h30<\/strong><\/em><\/h2>\r\n\r\n\r\n\r\n<p id=\"block-12797e3d-eca3-46b3-977b-aefc5df28688\">Romantisme allemand : Duo Galia<br \/>Milena et Galina Lagresle. Sonates en duo, violon et piano.<br \/>Frantz Schubert, Robert et Clara Schumann et Johannes Brahms<\/p>\r\n\r\n\r\n\r\n<p id=\"block-e232d8b1-1e69-4fed-a92e-2747abf0e13b\">\u00a0<\/p>\r\n\r\n\r\n\r\n<p>&nbsp;<\/p>\r\n\r\n\r\n\r\n<figure class=\"wp-block-image\"><img loading=\"lazy\" decoding=\"async\" class=\"wp-image-70 aligncenter\" src=\"https:\/\/amis-orgue.micandel.net\/wp-content\/uploads\/2024\/12\/Affiche_Soeurs-Lagreslev3-212x300.jpg\" alt=\"\" width=\"787\" height=\"1114\" srcset=\"https:\/\/amis-orgue.micandel.net\/wp-content\/uploads\/2024\/12\/Affiche_Soeurs-Lagreslev3-212x300.jpg 212w, https:\/\/amis-orgue.micandel.net\/wp-content\/uploads\/2024\/12\/Affiche_Soeurs-Lagreslev3-724x1024.jpg 724w, https:\/\/amis-orgue.micandel.net\/wp-content\/uploads\/2024\/12\/Affiche_Soeurs-Lagreslev3-768x1086.jpg 768w, https:\/\/amis-orgue.micandel.net\/wp-content\/uploads\/2024\/12\/Affiche_Soeurs-Lagreslev3.jpg 992w\" sizes=\"auto, (max-width: 787px) 100vw, 787px\" \/><\/figure>\r\n\r\n\r\n\r\n\r\n\r\n\r\n\r\n<figure class=\"wp-block-image\"><img loading=\"lazy\" decoding=\"async\" class=\"wp-image-220 aligncenter\" src=\"https:\/\/amis-orgue.micandel.net\/wp-content\/uploads\/2026\/03\/9-IMG_3620-282x300.jpg\" alt=\"\" width=\"777\" height=\"827\" srcset=\"https:\/\/amis-orgue.micandel.net\/wp-content\/uploads\/2026\/03\/9-IMG_3620-282x300.jpg 282w, https:\/\/amis-orgue.micandel.net\/wp-content\/uploads\/2026\/03\/9-IMG_3620-963x1024.jpg 963w, https:\/\/amis-orgue.micandel.net\/wp-content\/uploads\/2026\/03\/9-IMG_3620-768x817.jpg 768w, https:\/\/amis-orgue.micandel.net\/wp-content\/uploads\/2026\/03\/9-IMG_3620-1444x1536.jpg 1444w, https:\/\/amis-orgue.micandel.net\/wp-content\/uploads\/2026\/03\/9-IMG_3620-1925x2048.jpg 1925w\" sizes=\"auto, (max-width: 777px) 100vw, 777px\" \/><\/figure>\r\n<p>&nbsp;<\/p>\r\n<p><img loading=\"lazy\" decoding=\"async\" class=\"wp-image-219 aligncenter\" src=\"https:\/\/amis-orgue.micandel.net\/wp-content\/uploads\/2026\/03\/9-IMG_3614-194x300.jpg\" alt=\"\" width=\"785\" height=\"1214\" srcset=\"https:\/\/amis-orgue.micandel.net\/wp-content\/uploads\/2026\/03\/9-IMG_3614-194x300.jpg 194w, https:\/\/amis-orgue.micandel.net\/wp-content\/uploads\/2026\/03\/9-IMG_3614-768x1189.jpg 768w, https:\/\/amis-orgue.micandel.net\/wp-content\/uploads\/2026\/03\/9-IMG_3614-992x1536.jpg 992w, https:\/\/amis-orgue.micandel.net\/wp-content\/uploads\/2026\/03\/9-IMG_3614-1323x2048.jpg 1323w, https:\/\/amis-orgue.micandel.net\/wp-content\/uploads\/2026\/03\/9-IMG_3614-scaled.jpg 1654w\" sizes=\"auto, (max-width: 785px) 100vw, 785px\" \/><\/p>\r\n<p>&nbsp;<\/p>\r\n<p><img loading=\"lazy\" decoding=\"async\" class=\"wp-image-218 aligncenter\" src=\"https:\/\/amis-orgue.micandel.net\/wp-content\/uploads\/2026\/03\/9-20240602-222x300.jpg\" alt=\"\" width=\"829\" height=\"1120\" srcset=\"https:\/\/amis-orgue.micandel.net\/wp-content\/uploads\/2026\/03\/9-20240602-222x300.jpg 222w, https:\/\/amis-orgue.micandel.net\/wp-content\/uploads\/2026\/03\/9-20240602-758x1024.jpg 758w, https:\/\/amis-orgue.micandel.net\/wp-content\/uploads\/2026\/03\/9-20240602-768x1038.jpg 768w, https:\/\/amis-orgue.micandel.net\/wp-content\/uploads\/2026\/03\/9-20240602-1137x1536.jpg 1137w, https:\/\/amis-orgue.micandel.net\/wp-content\/uploads\/2026\/03\/9-20240602-1516x2048.jpg 1516w, https:\/\/amis-orgue.micandel.net\/wp-content\/uploads\/2026\/03\/9-20240602-scaled.jpg 1895w\" sizes=\"auto, (max-width: 829px) 100vw, 829px\" \/><\/p>\r\n","protected":false},"excerpt":{"rendered":"<p>Archives Saison 2023-2024 9 concerts, r\u00e9partis entre 3 concerts avec orgue seul ou avec ch\u0153ur, 3 ensembles de musique de [&hellip;]<\/p>\n","protected":false},"author":1,"featured_media":0,"parent":0,"menu_order":0,"comment_status":"closed","ping_status":"closed","template":"","meta":{"site-sidebar-layout":"default","site-content-layout":"","ast-site-content-layout":"default","site-content-style":"default","site-sidebar-style":"default","ast-global-header-display":"","ast-banner-title-visibility":"","ast-main-header-display":"","ast-hfb-above-header-display":"","ast-hfb-below-header-display":"","ast-hfb-mobile-header-display":"","site-post-title":"","ast-breadcrumbs-content":"","ast-featured-img":"","footer-sml-layout":"","ast-disable-related-posts":"","theme-transparent-header-meta":"default","adv-header-id-meta":"","stick-header-meta":"","header-above-stick-meta":"","header-main-stick-meta":"","header-below-stick-meta":"","astra-migrate-meta-layouts":"set","ast-page-background-enabled":"default","ast-page-background-meta":{"desktop":{"background-color":"var(--ast-global-color-4)","background-image":"","background-repeat":"repeat","background-position":"center center","background-size":"auto","background-attachment":"scroll","background-type":"","background-media":"","overlay-type":"","overlay-color":"","overlay-opacity":"","overlay-gradient":""},"tablet":{"background-color":"","background-image":"","background-repeat":"repeat","background-position":"center center","background-size":"auto","background-attachment":"scroll","background-type":"","background-media":"","overlay-type":"","overlay-color":"","overlay-opacity":"","overlay-gradient":""},"mobile":{"background-color":"","background-image":"","background-repeat":"repeat","background-position":"center center","background-size":"auto","background-attachment":"scroll","background-type":"","background-media":"","overlay-type":"","overlay-color":"","overlay-opacity":"","overlay-gradient":""}},"ast-content-background-meta":{"desktop":{"background-color":"var(--ast-global-color-5)","background-image":"","background-repeat":"repeat","background-position":"center center","background-size":"auto","background-attachment":"scroll","background-type":"","background-media":"","overlay-type":"","overlay-color":"","overlay-opacity":"","overlay-gradient":""},"tablet":{"background-color":"var(--ast-global-color-5)","background-image":"","background-repeat":"repeat","background-position":"center center","background-size":"auto","background-attachment":"scroll","background-type":"","background-media":"","overlay-type":"","overlay-color":"","overlay-opacity":"","overlay-gradient":""},"mobile":{"background-color":"var(--ast-global-color-5)","background-image":"","background-repeat":"repeat","background-position":"center center","background-size":"auto","background-attachment":"scroll","background-type":"","background-media":"","overlay-type":"","overlay-color":"","overlay-opacity":"","overlay-gradient":""}},"footnotes":""},"folder":[],"class_list":["post-44","page","type-page","status-publish","hentry"],"_links":{"self":[{"href":"https:\/\/amis-orgue-musique-grenoble.fr\/index.php?rest_route=\/wp\/v2\/pages\/44","targetHints":{"allow":["GET"]}}],"collection":[{"href":"https:\/\/amis-orgue-musique-grenoble.fr\/index.php?rest_route=\/wp\/v2\/pages"}],"about":[{"href":"https:\/\/amis-orgue-musique-grenoble.fr\/index.php?rest_route=\/wp\/v2\/types\/page"}],"author":[{"embeddable":true,"href":"https:\/\/amis-orgue-musique-grenoble.fr\/index.php?rest_route=\/wp\/v2\/users\/1"}],"replies":[{"embeddable":true,"href":"https:\/\/amis-orgue-musique-grenoble.fr\/index.php?rest_route=%2Fwp%2Fv2%2Fcomments&post=44"}],"version-history":[{"count":10,"href":"https:\/\/amis-orgue-musique-grenoble.fr\/index.php?rest_route=\/wp\/v2\/pages\/44\/revisions"}],"predecessor-version":[{"id":221,"href":"https:\/\/amis-orgue-musique-grenoble.fr\/index.php?rest_route=\/wp\/v2\/pages\/44\/revisions\/221"}],"wp:attachment":[{"href":"https:\/\/amis-orgue-musique-grenoble.fr\/index.php?rest_route=%2Fwp%2Fv2%2Fmedia&parent=44"}],"wp:term":[{"taxonomy":"folder","embeddable":true,"href":"https:\/\/amis-orgue-musique-grenoble.fr\/index.php?rest_route=%2Fwp%2Fv2%2Ffolder&post=44"}],"curies":[{"name":"wp","href":"https:\/\/api.w.org\/{rel}","templated":true}]}}